{"id":13,"date":"2024-09-12T09:29:36","date_gmt":"2024-09-12T09:29:36","guid":{"rendered":"https:\/\/ufcq.pt\/festasdecarnaxide\/?page_id=13"},"modified":"2025-10-03T07:35:05","modified_gmt":"2025-10-03T07:35:05","slug":"inicio","status":"publish","type":"page","link":"https:\/\/ufcq.pt\/festasdecarnaxide\/","title":{"rendered":"INICIO"},"content":{"rendered":"\t\t<div data-elementor-type=\"wp-post\" data-elementor-id=\"13\" class=\"elementor elementor-13\">\n\t\t\t\t<div class=\"elementor-element elementor-element-9099ec7 e-flex e-con-boxed e-con e-parent\" data-id=\"9099ec7\" data-element_type=\"container\" data-settings=\"{&quot;background_background&quot;:&quot;slideshow&quot;,&quot;background_slideshow_gallery&quot;:[{&quot;id&quot;:170,&quot;url&quot;:&quot;https:\\\/\\\/ufcq.pt\\\/festasdecarnaxide\\\/wp-content\\\/uploads\\\/2025\\\/09\\\/bk_25.png&quot;}],&quot;background_slideshow_loop&quot;:&quot;yes&quot;,&quot;background_slideshow_slide_duration&quot;:5000,&quot;background_slideshow_slide_transition&quot;:&quot;fade&quot;,&quot;background_slideshow_transition_duration&quot;:500}\">\n\t\t\t\t\t<div class=\"e-con-inner\">\n\t\t\t\t<div class=\"elementor-element elementor-element-9c06f6d elementor-invisible elementor-widget elementor-widget-image\" data-id=\"9c06f6d\" data-element_type=\"widget\" data-settings=\"{&quot;_animation&quot;:&quot;fadeInDown&quot;}\" data-widget_type=\"image.default\">\n\t\t\t\t<div class=\"elementor-widget-container\">\n\t\t\t\t\t\t\t\t\t\t\t\t\t<img fetchpriority=\"high\" decoding=\"async\" width=\"768\" height=\"724\" src=\"https:\/\/ufcq.pt\/festasdecarnaxide\/wp-content\/uploads\/2025\/09\/main_logo-1-768x724.png\" class=\"attachment-medium_large size-medium_large wp-image-168\" alt=\"\" srcset=\"https:\/\/ufcq.pt\/festasdecarnaxide\/wp-content\/uploads\/2025\/09\/main_logo-1-768x724.png 768w, https:\/\/ufcq.pt\/festasdecarnaxide\/wp-content\/uploads\/2025\/09\/main_logo-1-300x283.png 300w, https:\/\/ufcq.pt\/festasdecarnaxide\/wp-content\/uploads\/2025\/09\/main_logo-1.png 1000w\" sizes=\"(max-width: 768px) 100vw, 768px\" \/>\t\t\t\t\t\t\t\t\t\t\t\t\t<\/div>\n\t\t\t\t<\/div>\n\t\t\t\t<div class=\"elementor-element elementor-element-472bd2f e-transform elementor-invisible elementor-widget elementor-widget-image\" data-id=\"472bd2f\" data-element_type=\"widget\" data-settings=\"{&quot;_animation&quot;:&quot;bounceInLeft&quot;,&quot;_animation_delay&quot;:100,&quot;_transform_scale_effect&quot;:{&quot;unit&quot;:&quot;px&quot;,&quot;size&quot;:0.6,&quot;sizes&quot;:[]},&quot;_transform_scale_effect_mobile&quot;:{&quot;unit&quot;:&quot;px&quot;,&quot;size&quot;:0.3,&quot;sizes&quot;:[]},&quot;_transform_scale_effect_tablet&quot;:{&quot;unit&quot;:&quot;px&quot;,&quot;size&quot;:&quot;&quot;,&quot;sizes&quot;:[]}}\" data-widget_type=\"image.default\">\n\t\t\t\t<div class=\"elementor-widget-container\">\n\t\t\t\t\t\t\t\t\t\t\t\t\t<img decoding=\"async\" width=\"300\" height=\"300\" src=\"https:\/\/ufcq.pt\/festasdecarnaxide\/wp-content\/uploads\/2025\/09\/data_25-300x300.png\" class=\"attachment-medium size-medium wp-image-169\" alt=\"\" srcset=\"https:\/\/ufcq.pt\/festasdecarnaxide\/wp-content\/uploads\/2025\/09\/data_25-300x300.png 300w, https:\/\/ufcq.pt\/festasdecarnaxide\/wp-content\/uploads\/2025\/09\/data_25-150x150.png 150w, https:\/\/ufcq.pt\/festasdecarnaxide\/wp-content\/uploads\/2025\/09\/data_25.png 500w\" sizes=\"(max-width: 300px) 100vw, 300px\" \/>\t\t\t\t\t\t\t\t\t\t\t\t\t<\/div>\n\t\t\t\t<\/div>\n\t\t\t\t<div class=\"elementor-element elementor-element-f340d09 animated-slow elementor-invisible elementor-widget elementor-widget-heading\" data-id=\"f340d09\" data-element_type=\"widget\" data-settings=\"{&quot;_animation&quot;:&quot;bounceIn&quot;,&quot;_animation_mobile&quot;:&quot;bounceIn&quot;,&quot;_animation_delay&quot;:100}\" data-widget_type=\"heading.default\">\n\t\t\t\t<div class=\"elementor-widget-container\">\n\t\t\t<h2 class=\"elementor-heading-title elementor-size-default\">Festas em honra de S\u00e3o ROM\u00c3O<\/h2>\t\t<\/div>\n\t\t\t\t<\/div>\n\t\t\t\t<div class=\"elementor-element elementor-element-9391220 e-transform elementor-invisible elementor-widget elementor-widget-image\" data-id=\"9391220\" data-element_type=\"widget\" data-settings=\"{&quot;_animation&quot;:&quot;bounceIn&quot;,&quot;_animation_delay&quot;:200,&quot;_transform_scale_effect&quot;:{&quot;unit&quot;:&quot;px&quot;,&quot;size&quot;:0.6,&quot;sizes&quot;:[]},&quot;_transform_scale_effect_tablet&quot;:{&quot;unit&quot;:&quot;px&quot;,&quot;size&quot;:&quot;&quot;,&quot;sizes&quot;:[]},&quot;_transform_scale_effect_mobile&quot;:{&quot;unit&quot;:&quot;px&quot;,&quot;size&quot;:&quot;&quot;,&quot;sizes&quot;:[]}}\" data-widget_type=\"image.default\">\n\t\t\t\t<div class=\"elementor-widget-container\">\n\t\t\t\t\t\t\t\t\t\t\t\t\t<img decoding=\"async\" width=\"768\" height=\"98\" src=\"https:\/\/ufcq.pt\/festasdecarnaxide\/wp-content\/uploads\/2024\/09\/centro_civico-768x98.png\" class=\"attachment-medium_large size-medium_large wp-image-121\" alt=\"\" srcset=\"https:\/\/ufcq.pt\/festasdecarnaxide\/wp-content\/uploads\/2024\/09\/centro_civico-768x98.png 768w, https:\/\/ufcq.pt\/festasdecarnaxide\/wp-content\/uploads\/2024\/09\/centro_civico-300x38.png 300w, https:\/\/ufcq.pt\/festasdecarnaxide\/wp-content\/uploads\/2024\/09\/centro_civico-1024x131.png 1024w, https:\/\/ufcq.pt\/festasdecarnaxide\/wp-content\/uploads\/2024\/09\/centro_civico.png 1199w\" sizes=\"(max-width: 768px) 100vw, 768px\" \/>\t\t\t\t\t\t\t\t\t\t\t\t\t<\/div>\n\t\t\t\t<\/div>\n\t\t\t\t\t<\/div>\n\t\t\t\t<\/div>\n\t\t<div class=\"elementor-element elementor-element-d60e641 e-flex e-con-boxed e-con e-parent\" data-id=\"d60e641\" data-element_type=\"container\" data-settings=\"{&quot;background_background&quot;:&quot;gradient&quot;}\">\n\t\t\t\t\t<div class=\"e-con-inner\">\n\t\t<div class=\"elementor-element elementor-element-c1c05be e-grid e-con-full e-con e-child\" data-id=\"c1c05be\" data-element_type=\"container\">\n\t\t\t\t<div class=\"elementor-element elementor-element-3a22f58 e-transform elementor-invisible elementor-widget elementor-widget-image\" data-id=\"3a22f58\" data-element_type=\"widget\" data-settings=\"{&quot;_animation&quot;:&quot;bounceIn&quot;,&quot;_animation_delay&quot;:300,&quot;_transform_scale_effect_mobile&quot;:{&quot;unit&quot;:&quot;px&quot;,&quot;size&quot;:0.9,&quot;sizes&quot;:[]},&quot;_transform_scale_effect&quot;:{&quot;unit&quot;:&quot;px&quot;,&quot;size&quot;:&quot;&quot;,&quot;sizes&quot;:[]},&quot;_transform_scale_effect_tablet&quot;:{&quot;unit&quot;:&quot;px&quot;,&quot;size&quot;:&quot;&quot;,&quot;sizes&quot;:[]}}\" data-widget_type=\"image.default\">\n\t\t\t\t<div class=\"elementor-widget-container\">\n\t\t\t\t\t\t\t\t\t\t\t\t\t<img loading=\"lazy\" decoding=\"async\" width=\"205\" height=\"243\" src=\"https:\/\/ufcq.pt\/festasdecarnaxide\/wp-content\/uploads\/2025\/09\/Tributo_Rui_Veloso.png\" class=\"attachment-large size-large wp-image-171\" alt=\"\" \/>\t\t\t\t\t\t\t\t\t\t\t\t\t<\/div>\n\t\t\t\t<\/div>\n\t\t\t\t<div class=\"elementor-element elementor-element-7704c34 e-transform elementor-invisible elementor-widget elementor-widget-image\" data-id=\"7704c34\" data-element_type=\"widget\" data-settings=\"{&quot;_animation&quot;:&quot;bounceIn&quot;,&quot;_animation_delay&quot;:400,&quot;_transform_scale_effect&quot;:{&quot;unit&quot;:&quot;px&quot;,&quot;size&quot;:1.1,&quot;sizes&quot;:[]},&quot;_transform_scale_effect_mobile&quot;:{&quot;unit&quot;:&quot;px&quot;,&quot;size&quot;:0.9,&quot;sizes&quot;:[]},&quot;_transform_scale_effect_tablet&quot;:{&quot;unit&quot;:&quot;px&quot;,&quot;size&quot;:&quot;&quot;,&quot;sizes&quot;:[]}}\" data-widget_type=\"image.default\">\n\t\t\t\t<div class=\"elementor-widget-container\">\n\t\t\t\t\t\t\t\t\t\t\t\t\t<img loading=\"lazy\" decoding=\"async\" width=\"260\" height=\"264\" src=\"https:\/\/ufcq.pt\/festasdecarnaxide\/wp-content\/uploads\/2025\/09\/Tributo_Queen.png\" class=\"attachment-large size-large wp-image-174\" alt=\"\" \/>\t\t\t\t\t\t\t\t\t\t\t\t\t<\/div>\n\t\t\t\t<\/div>\n\t\t\t\t<div class=\"elementor-element elementor-element-cf8876e e-transform elementor-invisible elementor-widget elementor-widget-image\" data-id=\"cf8876e\" data-element_type=\"widget\" data-settings=\"{&quot;_animation&quot;:&quot;bounceIn&quot;,&quot;_animation_delay&quot;:500,&quot;_transform_scale_effect&quot;:{&quot;unit&quot;:&quot;px&quot;,&quot;size&quot;:1.3,&quot;sizes&quot;:[]},&quot;_transform_scale_effect_mobile&quot;:{&quot;unit&quot;:&quot;px&quot;,&quot;size&quot;:1.1,&quot;sizes&quot;:[]},&quot;_transform_scale_effect_tablet&quot;:{&quot;unit&quot;:&quot;px&quot;,&quot;size&quot;:&quot;&quot;,&quot;sizes&quot;:[]}}\" data-widget_type=\"image.default\">\n\t\t\t\t<div class=\"elementor-widget-container\">\n\t\t\t\t\t\t\t\t\t\t\t\t\t<img loading=\"lazy\" decoding=\"async\" width=\"437\" height=\"262\" src=\"https:\/\/ufcq.pt\/festasdecarnaxide\/wp-content\/uploads\/2025\/09\/mete_casets_Kika.png\" class=\"attachment-large size-large wp-image-173\" alt=\"\" srcset=\"https:\/\/ufcq.pt\/festasdecarnaxide\/wp-content\/uploads\/2025\/09\/mete_casets_Kika.png 437w, https:\/\/ufcq.pt\/festasdecarnaxide\/wp-content\/uploads\/2025\/09\/mete_casets_Kika-300x180.png 300w\" sizes=\"(max-width: 437px) 100vw, 437px\" \/>\t\t\t\t\t\t\t\t\t\t\t\t\t<\/div>\n\t\t\t\t<\/div>\n\t\t\t\t<div class=\"elementor-element elementor-element-fc4e822 e-transform elementor-invisible elementor-widget elementor-widget-image\" data-id=\"fc4e822\" data-element_type=\"widget\" data-settings=\"{&quot;_animation&quot;:&quot;bounceIn&quot;,&quot;_animation_delay&quot;:600,&quot;_transform_scale_effect&quot;:{&quot;unit&quot;:&quot;px&quot;,&quot;size&quot;:1,&quot;sizes&quot;:[]},&quot;_transform_scale_effect_mobile&quot;:{&quot;unit&quot;:&quot;px&quot;,&quot;size&quot;:0.9,&quot;sizes&quot;:[]},&quot;_transform_scale_effect_tablet&quot;:{&quot;unit&quot;:&quot;px&quot;,&quot;size&quot;:&quot;&quot;,&quot;sizes&quot;:[]}}\" data-widget_type=\"image.default\">\n\t\t\t\t<div class=\"elementor-widget-container\">\n\t\t\t\t\t\t\t\t\t\t\t\t\t<img loading=\"lazy\" decoding=\"async\" width=\"280\" height=\"300\" src=\"https:\/\/ufcq.pt\/festasdecarnaxide\/wp-content\/uploads\/2025\/09\/Padre_Guilherme.png\" class=\"attachment-large size-large wp-image-172\" alt=\"\" \/>\t\t\t\t\t\t\t\t\t\t\t\t\t<\/div>\n\t\t\t\t<\/div>\n\t\t\t\t<\/div>\n\t\t\t\t\t<\/div>\n\t\t\t\t<\/div>\n\t\t<div class=\"elementor-element elementor-element-afebc43 e-flex e-con-boxed e-con e-parent\" data-id=\"afebc43\" data-element_type=\"container\">\n\t\t\t\t\t<div class=\"e-con-inner\">\n\t\t\t\t<div class=\"elementor-element elementor-element-f39f77f elementor-widget elementor-widget-heading\" data-id=\"f39f77f\" data-element_type=\"widget\" data-widget_type=\"heading.default\">\n\t\t\t\t<div class=\"elementor-widget-container\">\n\t\t\t<h2 class=\"elementor-heading-title elementor-size-default\">PROGRAMA<\/h2>\t\t<\/div>\n\t\t\t\t<\/div>\n\t\t\t\t<div class=\"elementor-element elementor-element-a4d0bf4 elementor-widget elementor-widget-heading\" data-id=\"a4d0bf4\" data-element_type=\"widget\" data-widget_type=\"heading.default\">\n\t\t\t\t<div class=\"elementor-widget-container\">\n\t\t\t<h3 class=\"elementor-heading-title elementor-size-default\">Festas em Honra de S. Rom\u00e3o de Carnaxide 2024<br>03 a 12 de outubro<\/h3>\t\t<\/div>\n\t\t\t\t<\/div>\n\t\t\t\t<div class=\"elementor-element elementor-element-d0b48d3 elementor-widget elementor-widget-heading\" data-id=\"d0b48d3\" data-element_type=\"widget\" data-widget_type=\"heading.default\">\n\t\t\t\t<div class=\"elementor-widget-container\">\n\t\t\t<h3 class=\"elementor-heading-title elementor-size-default\">Co-organiza\u00e7\u00e3o: Junta de Freguesia \/ Par\u00f3quia de Carnaxide<\/h3>\t\t<\/div>\n\t\t\t\t<\/div>\n\t\t\t\t<div class=\"elementor-element elementor-element-4277827 elementor-widget elementor-widget-text-editor\" data-id=\"4277827\" data-element_type=\"widget\" data-widget_type=\"text-editor.default\">\n\t\t\t\t<div class=\"elementor-widget-container\">\n\t\t\t\t\t\t\t<p><strong>03 DE OUTUBRO | 6\u00aa Feira<\/strong><br \/>22H00 | TRIBUTO A \u201cRUI VELOSO\u201d<\/p><p><br \/><strong>04 DE OUTUBRO | S\u00e1bado<\/strong><br \/>10H00 | YOGA \u2013 AULA ABERTA, NA SOCIEDADE FILARM\u00d3NICA FRATERNIDADE DE CARNAXIDE<br \/>15H45 | CORO \u201cNOVUS CANTUS\u201d<br \/>16H45 | CORO \u201cLUPECA\u201d<br \/>22H00 | TRIBUTO AOS QUEEN<\/p><p>\u00a0<\/p><p><strong>05 DE OUTUBRO | Domingo<\/strong><br \/>10H00 | MISSA SOLENE EM HONRA DE S. ROM\u00c3O, NA IGREJA DE S. ROM\u00c3O<br \/>11H00 | ENCONTRO DE BANDAS \u2013 ARRUADA &#8211; SOCIEDADE FILARM\u00d3NICA FRATERNIDADE DE CARNAXIDE<br \/>Itiner\u00e1rio\u00a0das arruadas:<br \/>11h00 \u2013 Igreja de S\u00e3o Rom\u00e3o (sa\u00edda da missa);<br \/>11h30 \u2013 Pracetas junto ao caf\u00e9 Forno.<br \/>12h30 \u2013 Igreja de Nossa Senhora do Amparo (sa\u00edda da missa);<\/p><p>\u00a0<\/p><p>MOSTRA DE FOLCLORE CARNAXIDE\u00a0<br \/>15H00 | Grupo de Folclore das Terras da N\u00f3brega &#8211; Carnaxide &#8211; Anfitri\u00e3o<br \/>15H30 | Rancho Paroquial de Guif\u00f5es \u2013 Matosinhos \u2013 Douro Litoral Norte<br \/>16H00 | Rancho Folcl\u00f3rico do Vale de Santar\u00e9m &#8211; Ribatejo<br \/>17H00 | SFFC &#8211; Encontro de Bandas \/concerto no palco do centro c\u00edvico<\/p><p>\u00a0<\/p><p><strong>08 DE OUTUBRO | 4\u00aa Feira<\/strong><br \/>21H00 | BAILE<\/p><p>\u00a0<\/p><p><strong>09 DE OUTUBRO | 5\u00aa Feira<\/strong><br \/>21H30 | NOITE DE FADOS COM V\u00cdTOR MARCENEIRO E CONVIDADOS (ASSOCIA\u00c7\u00c3O PATRIARCA DO FADO)<\/p><p>\u00a0<\/p><p><strong>10 DE OUTUBRO | 6\u00aa Feira<\/strong><\/p><p>21h00 | KIKA<br \/>22H00 | DUPLA METE C\u00c1 SETS<\/p><p>\u00a0<\/p><p><strong>11 DE OUTUBRO | S\u00e1bado<\/strong><br \/>16H00 | TEATRO DAS CANTIGAS &#8211; NA SOCIEDADE FILARM\u00d3NICA FRATERNIDADE DE CARNAXIDE<br \/>22H00 | PADRE GUILHERME<\/p><p>\u00a0<\/p><p><strong>12 DE OUTUBRO | Domingo<\/strong><br \/>15H30 | CCCD<br \/>16H30 | ESTUDIO DE DAN\u00c7A<\/p><p>\u00a0<\/p><p>Feira no Jardim do Centro C\u00edvico<br \/>Entre os dias 03 a 12 de outubro<br \/>Sexta e S\u00e1bado das 15H00 \u00e0s 00H00<br \/>Domingo das 15H00 \u00e0s 23H00<br \/>Restantes dias das 17H00 \u00e0s 23H00<\/p>\t\t\t\t\t\t<\/div>\n\t\t\t\t<\/div>\n\t\t\t\t<div class=\"elementor-element elementor-element-c01a5ac elementor-widget elementor-widget-heading\" data-id=\"c01a5ac\" data-element_type=\"widget\" data-widget_type=\"heading.default\">\n\t\t\t\t<div class=\"elementor-widget-container\">\n\t\t\t<h3 class=\"elementor-heading-title elementor-size-default\">Feira no Jardim do Centro C\u00edvico\nEntre os dias 04 a 13 de outubro\n<\/h3>\t\t<\/div>\n\t\t\t\t<\/div>\n\t\t\t\t<div class=\"elementor-element elementor-element-71ea2d1 elementor-widget elementor-widget-text-editor\" data-id=\"71ea2d1\" data-element_type=\"widget\" data-widget_type=\"text-editor.default\">\n\t\t\t\t<div class=\"elementor-widget-container\">\n\t\t\t\t\t\t\t<p>Sexta e S\u00e1bado das 15H00 \u00e0s 00H00<\/p><p>Domingo das 15H00 \u00e0s 23H00<\/p><p>Restantes dias das 17H00 \u00e0s 23H00<\/p>\t\t\t\t\t\t<\/div>\n\t\t\t\t<\/div>\n\t\t\t\t<div class=\"elementor-element elementor-element-121673c elementor-widget elementor-widget-text-editor\" data-id=\"121673c\" data-element_type=\"widget\" data-widget_type=\"text-editor.default\">\n\t\t\t\t<div class=\"elementor-widget-container\">\n\t\t\t\t\t\t\t<p>\u00a0\u00a0<img decoding=\"async\" class=\"an1\" draggable=\"false\" src=\"https:\/\/fonts.gstatic.com\/s\/e\/notoemoji\/16.0\/1f4f7\/32.png\" alt=\"\ud83d\udcf7\" data-emoji=\"\ud83d\udcf7\" aria-label=\"\ud83d\udcf7\" \/>\u00a0<strong>Aviso de Imagem e Dados<\/strong><br \/>Durante o evento poder\u00e3o ser captadas fotografias e v\u00eddeos dos participantes.<br \/>As imagens poder\u00e3o ser usadas para divulga\u00e7\u00e3o em canais institucionais, redes sociais, meios de comunica\u00e7\u00e3o e para efeitos de arquivo, nos termos do Regulamento (UE) 2016\/679 (RGPD) e do artigo 79.\u00ba, n.\u00ba 2, do C\u00f3digo Civil.\u00a0\u00a0<\/p>\t\t\t\t\t\t<\/div>\n\t\t\t\t<\/div>\n\t\t\t\t<div class=\"elementor-element elementor-element-0276ddc elementor-widget__width-inherit elementor-widget elementor-widget-html\" data-id=\"0276ddc\" data-element_type=\"widget\" data-widget_type=\"html.default\">\n\t\t\t\t<div class=\"elementor-widget-container\">\n\t\t\t<div class=\"sfsi_widget sfsi_shortcode_container\"><div class=\"norm_row sfsi_wDiv \"  style=\"width:360px;text-align:center;\"><div style='width:40px; height:40px;margin-left:5px;margin-bottom:5px; ' class='sfsi_wicons shuffeldiv ' ><div class='inerCnt'><a class=' sficn' data-effect='' target='_blank' rel='noopener'  href='' id='sfsiid_facebook_icon' style='width:40px;height:40px;opacity:1;'  ><img data-pin-nopin='true' alt='Facebook' title='Facebook' src='https:\/\/ufcq.pt\/festasdecarnaxide\/wp-content\/plugins\/ultimate-social-media-icons\/images\/icons_theme\/default\/default_facebook.png' width='40' height='40' style='' class='sfcm sfsi_wicon ' data-effect=''   \/><\/a><div class=\"sfsi_tool_tip_2 fb_tool_bdr sfsiTlleft\" style=\"opacity:0;z-index:-1;\" id=\"sfsiid_facebook\"><span class=\"bot_arow bot_fb_arow\"><\/span><div class=\"sfsi_inside\"><div  class='icon3'><a target='_blank' rel='noopener' href='https:\/\/www.facebook.com\/sharer\/sharer.php?u=https%3A%2F%2Fufcq.pt%2Ffestasdecarnaxide%2Fwp-json%2Fwp%2Fv2%2Fpages%2F13' style='display:inline-block;'  > <img class='sfsi_wicon'  data-pin-nopin='true' alt='fb-share-icon' title='Facebook Share' src='https:\/\/ufcq.pt\/festasdecarnaxide\/wp-content\/plugins\/ultimate-social-media-icons\/images\/share_icons\/fb_icons\/en_US.svg' \/><\/a><\/div><\/div><\/div><\/div><\/div><div style='width:40px; height:40px;margin-left:5px;margin-bottom:5px; ' class='sfsi_wicons shuffeldiv ' ><div class='inerCnt'><a class=' sficn' data-effect='' target='_blank' rel='noopener'  href='' id='sfsiid_twitter_icon' style='width:40px;height:40px;opacity:1;'  ><img data-pin-nopin='true' alt='X (Twitter)' title='X (Twitter)' src='https:\/\/ufcq.pt\/festasdecarnaxide\/wp-content\/plugins\/ultimate-social-media-icons\/images\/icons_theme\/default\/default_twitter.png' width='40' height='40' style='' class='sfcm sfsi_wicon ' data-effect=''   \/><\/a><div class=\"sfsi_tool_tip_2 twt_tool_bdr sfsiTlleft\" style=\"opacity:0;z-index:-1;\" id=\"sfsiid_twitter\"><span class=\"bot_arow bot_twt_arow\"><\/span><div class=\"sfsi_inside\"><div  class='icon2'><div class='sf_twiter' style='display: inline-block;vertical-align: middle;width: auto;'>\r\n\t\t\t\t\t\t<a target='_blank' rel='noopener' href='https:\/\/twitter.com\/intent\/tweet?text=Vamos+%C3%A0s+Festas+de+Queijas.+https%3A%2F%2Fufcq.pt%2Ffestasdecarnaxide%2Fwp-json%2Fwp%2Fv2%2Fpages%2F13' style='display:inline-block' >\r\n\t\t\t\t\t\t\t<img data-pin-nopin= true class='sfsi_wicon' src='https:\/\/ufcq.pt\/festasdecarnaxide\/wp-content\/plugins\/ultimate-social-media-icons\/images\/share_icons\/Twitter_Tweet\/en_US_Tweet.svg' alt='Post on X' title='Post on X' >\r\n\t\t\t\t\t\t<\/a>\r\n\t\t\t\t\t<\/div><\/div><\/div><\/div><\/div><\/div><div style='width:40px; height:40px;margin-left:5px;margin-bottom:5px; ' class='sfsi_wicons shuffeldiv ' ><div class='inerCnt'><a class=' sficn' data-effect='' target='_blank' rel='noopener'  href='https:\/\/api.whatsapp.com\/send?text=https%3A%2F%2Fufcq.pt%2Ffestasdecarnaxide%2F' id='sfsiid_whatsapp_icon' style='width:40px;height:40px;opacity:1;'  ><img data-pin-nopin='true' alt='WhatsApp' title='WhatsApp' src='https:\/\/ufcq.pt\/festasdecarnaxide\/wp-content\/plugins\/ultimate-social-media-icons\/images\/icons_theme\/default\/default_whatsapp.png' width='40' height='40' style='' class='sfcm sfsi_wicon ' data-effect=''   \/><\/a><\/div><\/div><div style='width:40px; height:40px;margin-left:5px;margin-bottom:5px; ' class='sfsi_wicons shuffeldiv ' ><div class='inerCnt'><a class=' sficn' data-effect='' target='_blank' rel='noopener'  href='https:\/\/www.facebook.com\/dialog\/send?app_id=244819978951470&display=popup&link=https%3A%2F%2Fufcq.pt%2Ffestasdecarnaxide%2F&redirect_uri=https%3A%2F%2Fufcq.pt%2Ffestasdecarnaxide%2Fwp-json%2Fwp%2Fv2%2Fpages%2F13\/' id='sfsiid_fbmessenger_icon' style='width:40px;height:40px;opacity:1;'  ><img data-pin-nopin='true' alt='FbMessenger' title='FbMessenger' src='https:\/\/ufcq.pt\/festasdecarnaxide\/wp-content\/plugins\/ultimate-social-media-icons\/images\/icons_theme\/default\/default_fbmessenger.png' width='40' height='40' style='' class='sfcm sfsi_wicon ' data-effect=''   \/><\/a><\/div><\/div><div style='width:40px; height:40px;margin-left:5px;margin-bottom:5px; ' class='sfsi_wicons shuffeldiv ' ><div class='inerCnt'><a class='sfsi_copylink sficn' data-effect='' target='_blank' rel='noopener'  href='javascript:void(0);' id='sfsiid_copylink_icon' style='width:40px;height:40px;opacity:1;'  ><img data-pin-nopin='true' alt='Copy link' title='Copy link' src='https:\/\/ufcq.pt\/festasdecarnaxide\/wp-content\/plugins\/ultimate-social-media-icons\/images\/icons_theme\/default\/default_copylink.png' width='40' height='40' style='' class='sfcm sfsi_wicon ' data-effect=''   \/><\/a><\/div><\/div><\/div ><div id=\"sfsi_holder\" class=\"sfsi_holders\" style=\"position: relative; float: left;width:100%;z-index:-1;\"><\/div ><script>window.addEventListener(\"sfsi_functions_loaded\", function()\n\t\t\t{\n\t\t\t\tif (typeof sfsi_widget_set == \"function\") {\n\t\t\t\t\tsfsi_widget_set();\n\t\t\t\t}\n\t\t\t}); <\/script><div style=\"clear: both;\"><\/div><\/div>\t\t<\/div>\n\t\t\t\t<\/div>\n\t\t\t\t\t<\/div>\n\t\t\t\t<\/div>\n\t\t<div class=\"elementor-element elementor-element-cf3edaf e-con-full e-flex e-con e-parent\" data-id=\"cf3edaf\" data-element_type=\"container\">\n\t\t\t\t<div class=\"elementor-element elementor-element-ac3298c elementor-widget elementor-widget-spacer\" data-id=\"ac3298c\" data-element_type=\"widget\" data-widget_type=\"spacer.default\">\n\t\t\t\t<div class=\"elementor-widget-container\">\n\t\t\t\t\t<div class=\"elementor-spacer\">\n\t\t\t<div class=\"elementor-spacer-inner\"><\/div>\n\t\t<\/div>\n\t\t\t\t<\/div>\n\t\t\t\t<\/div>\n\t\t<div class=\"elementor-element elementor-element-4969f18 e-con-full e-flex e-con e-child\" data-id=\"4969f18\" data-element_type=\"container\">\n\t\t\t\t<\/div>\n\t\t\t\t<\/div>\n\t\t<div class=\"elementor-element elementor-element-22cc22b e-flex e-con-boxed e-con e-parent\" data-id=\"22cc22b\" data-element_type=\"container\">\n\t\t\t\t\t<div class=\"e-con-inner\">\n\t\t\t\t<div class=\"elementor-element elementor-element-3c00863 e-transform elementor-widget elementor-widget-image\" data-id=\"3c00863\" data-element_type=\"widget\" data-settings=\"{&quot;_transform_scale_effect&quot;:{&quot;unit&quot;:&quot;px&quot;,&quot;size&quot;:0.5,&quot;sizes&quot;:[]},&quot;_transform_scale_effect_mobile&quot;:{&quot;unit&quot;:&quot;px&quot;,&quot;size&quot;:0.8,&quot;sizes&quot;:[]},&quot;_transform_scale_effect_tablet&quot;:{&quot;unit&quot;:&quot;px&quot;,&quot;size&quot;:&quot;&quot;,&quot;sizes&quot;:[]}}\" data-widget_type=\"image.default\">\n\t\t\t\t<div class=\"elementor-widget-container\">\n\t\t\t\t\t\t\t\t\t\t\t\t\t<img loading=\"lazy\" decoding=\"async\" width=\"600\" height=\"158\" src=\"https:\/\/ufcq.pt\/festasdecarnaxide\/wp-content\/uploads\/2025\/09\/Logos_Rodape_25.png\" class=\"attachment-full size-full wp-image-175\" alt=\"\" srcset=\"https:\/\/ufcq.pt\/festasdecarnaxide\/wp-content\/uploads\/2025\/09\/Logos_Rodape_25.png 600w, https:\/\/ufcq.pt\/festasdecarnaxide\/wp-content\/uploads\/2025\/09\/Logos_Rodape_25-300x79.png 300w\" sizes=\"(max-width: 600px) 100vw, 600px\" \/>\t\t\t\t\t\t\t\t\t\t\t\t\t<\/div>\n\t\t\t\t<\/div>\n\t\t\t\t\t<\/div>\n\t\t\t\t<\/div>\n\t\t\t\t<\/div>\n\t\t","protected":false},"excerpt":{"rendered":"<p>Festas em honra de S\u00e3o ROM\u00c3O PROGRAMA Festas em Honra de S. Rom\u00e3o de Carnaxide 202403 a 12 de outubro Co-organiza\u00e7\u00e3o: Junta de Freguesia \/ Par\u00f3quia de Carnaxide 03 DE OUTUBRO | 6\u00aa Feira22H00 | TRIBUTO A \u201cRUI VELOSO\u201d 04 DE OUTUBRO | S\u00e1bado10H00 | YOGA \u2013 AULA ABERTA, NA SOCIEDADE FILARM\u00d3NICA FRATERNIDADE DE CARNAXIDE15H45 [&hellip;]<\/p>\n","protected":false},"author":1,"featured_media":0,"parent":0,"menu_order":0,"comment_status":"closed","ping_status":"closed","template":"elementor_header_footer","meta":{"footnotes":""},"class_list":["post-13","page","type-page","status-publish","hentry"],"_links":{"self":[{"href":"https:\/\/ufcq.pt\/festasdecarnaxide\/wp-json\/wp\/v2\/pages\/13","targetHints":{"allow":["GET"]}}],"collection":[{"href":"https:\/\/ufcq.pt\/festasdecarnaxide\/wp-json\/wp\/v2\/pages"}],"about":[{"href":"https:\/\/ufcq.pt\/festasdecarnaxide\/wp-json\/wp\/v2\/types\/page"}],"author":[{"embeddable":true,"href":"https:\/\/ufcq.pt\/festasdecarnaxide\/wp-json\/wp\/v2\/users\/1"}],"replies":[{"embeddable":true,"href":"https:\/\/ufcq.pt\/festasdecarnaxide\/wp-json\/wp\/v2\/comments?post=13"}],"version-history":[{"count":126,"href":"https:\/\/ufcq.pt\/festasdecarnaxide\/wp-json\/wp\/v2\/pages\/13\/revisions"}],"predecessor-version":[{"id":186,"href":"https:\/\/ufcq.pt\/festasdecarnaxide\/wp-json\/wp\/v2\/pages\/13\/revisions\/186"}],"wp:attachment":[{"href":"https:\/\/ufcq.pt\/festasdecarnaxide\/wp-json\/wp\/v2\/media?parent=13"}],"curies":[{"name":"wp","href":"https:\/\/api.w.org\/{rel}","templated":true}]}}